{"id":131,"date":"2018-04-15T22:00:22","date_gmt":"2018-04-15T20:00:22","guid":{"rendered":"http:\/\/hub.utesla.cz\/?page_id=131"},"modified":"2022-02-21T18:58:38","modified_gmt":"2022-02-21T17:58:38","slug":"vystavy","status":"publish","type":"page","link":"https:\/\/utesla.cz\/gama\/?page_id=131","title":{"rendered":"V\u00fdstavy"},"content":{"rendered":"<div class=\"elementor-element elementor-element-153a737 elementor-widget elementor-widget-heading\" data-id=\"153a737\" data-element_type=\"widget\" data-widget_type=\"heading.default\">\n<h3><\/h3>\n<h3 class=\"elementor-heading-title elementor-size-default\">V roce 2022 pokra\u010dujeme v t\u00e9matu &#8220;VLNA ZA VLNOU&#8221;<\/h3>\n<h3><\/h3>\n<p>Vln\u011bn\u00ed je mnohovrstevnat\u00fdm metaforick\u00fdm odkazem i kl\u00ed\u010dem k porozum\u011bn\u00ed jednotliv\u00fdm fenom\u00e9n\u016fm, kter\u00e9 formuj\u00ed na\u0161i aktu\u00e1ln\u00ed realitu jej\u00ed\u017e kritickou reflexi v rovin\u00e1ch um\u011bn\u00ed, v\u011bdy a techniky i spole\u010dnosti . Vln\u011bn\u00ed ch\u00e1peme filosoficky jako st\u0159\u00edd\u00e1n\u00ed r\u016fzn\u00fdch n\u00e1zorov\u00fdch rovin p\u0159i spojov\u00e1n\u00ed techniky a um\u011bn\u00ed. Vln\u011bn\u00ed ch\u00e1peme sociologicky jako st\u0159\u00edd\u00e1n\u00ed p\u0159\u00edstup\u016f r\u016fzn\u00fdch generac\u00ed tv\u016frc\u016f. Vln\u011bn ch\u00e1peme jako fundament\u00e1ln\u00ed princip \u017eiv\u00e9 a ne\u017eiv\u00e9\u00a0 p\u0159\u00edrody. Hled\u00e1me vyv\u00e1\u017eenou amplitudu mezi pozitivn\u00edm a negativn\u00edm, mezi konstrukc\u00ed a dekonstrukc\u00ed, mezi um\u011bn\u00edm a v\u011bdou a p\u0159\u00edstupy r\u016fzn\u00fdch generac\u00ed. <strong>VLNA ZA VLNOU 2022 akcentuje st\u0159\u00edd\u00e1n\u00ed r\u016fzn\u00fdch generac\u00ed <\/strong>a jejich reflexi prostor a t\u00e9mat spojen\u00fdch s nov\u00fdmi technologiemi a z\u00e1zem\u00edm FEI UPA a JHV Engineering<strong>. <\/strong><\/p>\n<p>V r\u00e1mci v\u00fdstavn\u00edho projektu <strong>GAMA 2022<\/strong> pl\u00e1nujeme postupn\u011b realizovat <strong>v\u00fdstavy:\u00a0<\/strong><\/p>\n<p><strong>Souborn\u00e1 v\u00fdstava &#8211; FEI@V\u0160CHT<\/strong><\/p>\n<p><strong>Souborn\u00e1 v\u00fdstava &#8211; Drive-Thru Art Gallery\u00a0<\/strong><\/p>\n<p><strong>Pavel Kop\u0159iva jeho studenti UJEP &#8211;\u00a0 &#8220;Vlna za Vlnou&#8221;<\/strong><\/p>\n<p><strong>Petr Korbi\u010dka a jeho studenti FAVU &#8211; &#8220;<\/strong><strong>Vlna za Vlnou&#8221;<\/strong><\/p>\n<p>V\u00fdstavy tradi\u010dn\u011b doprov\u00e1z\u00ed s\u00e9rie workshop\u016f a komentovan\u00fdch prohl\u00eddek pro \u0161koly i z\u00e1jemce z \u0159ad ve\u0159ejnosti (skupiny alespo\u0148 10 osob) na kter\u00e9 je mo\u017en\u00e9 se objedn\u00e1vat na tel: 775104441 nebo emailu: sasaprokop@seznam.cz.<\/p>\n<h3><\/h3>\n<h3 class=\"elementor-heading-title elementor-size-default\">Rok 2021 p\u0159in\u00e1\u0161\u00ed nov\u00e9 t\u00e9ma &#8220;VLNA ZA VLNOU&#8221;<\/h3>\n<h3><\/h3>\n<p>Vln\u011bn\u00ed je mnohovrstevnat\u00fdm metaforick\u00fdm odkazem i kl\u00ed\u010dem k porozum\u011bn\u00ed jednotliv\u00fdm fenom\u00e9n\u016fm, kter\u00e9 formuj\u00ed na\u0161i aktu\u00e1ln\u00ed realitu jej\u00ed\u017e kritickou reflexi v rovin\u00e1ch um\u011bn\u00ed, v\u011bdy a techniky i spole\u010dnosti. Vln\u011bn\u00ed ch\u00e1peme filosoficky jako st\u0159\u00edd\u00e1n\u00ed r\u016fzn\u00fdch n\u00e1zorov\u00fdch rovin p\u0159i spojov\u00e1n\u00ed techniky a um\u011bn\u00ed. Vln\u011bn\u00ed ch\u00e1peme sociologicky jako st\u0159\u00edd\u00e1n\u00ed p\u0159\u00edstup\u016f r\u016fzn\u00fdch generac\u00ed tv\u016frc\u016f. Vln\u011bn ch\u00e1peme jako fundament\u00e1ln\u00ed princip \u017eiv\u00e9 a ne\u017eiv\u00e9\u00a0 p\u0159\u00edrody. <strong>VLNA ZA VLNOU 2021 je sv\u011btlo, zvuk a m\u00e9dia v um\u011bn\u00ed<\/strong>. Hled\u00e1me vyv\u00e1\u017eenou amplitudu mezi pozitivn\u00edm a negativn\u00edm, mezi konstrukc\u00ed a dekonstrukc\u00ed, mezi vlnami COVIDu, um\u011bn\u00edm a v\u011bdou.<\/p>\n<p>V r\u00e1mci v\u00fdstavn\u00edho projektu <strong>GAMA 2021<\/strong>postupn\u011b realizujeme autorsk\u00e9 <strong>v\u00fdstavy:\u00a0<\/strong><\/p>\n<p><strong>Pavel Kop\u0159iva &#8211; <a href=\"https:\/\/utesla.cz\/gama\/wp-content\/uploads\/2022\/02\/Kop\u0159iva-pozvanka_UmelcovaVeda_2021.pdf\">Um\u011blcova V\u011aDA<\/a><\/strong><\/p>\n<p><strong>Jan N\u00e1lepa &#8211; <a href=\"https:\/\/utesla.cz\/gama\/wp-content\/uploads\/2022\/02\/Pozv\u00e1nka_N\u00e1lepa_Barcode_2021.pdf\">Barcode \/ \u010c\u00e1rov\u00fd k\u00f3d<\/a><\/strong><\/p>\n<p><strong>Daniel Harvan &#8211; <a href=\"https:\/\/utesla.cz\/gama\/wp-content\/uploads\/2022\/02\/Masky_2021.pdf\">Masky<\/a>\u00a0\u00a0<\/strong><\/p>\n<p>V\u00fdstavy tradi\u010dn\u011b doprov\u00e1z\u00ed s\u00e9rie workshop\u016f a komentovan\u00fdch prohl\u00eddek pro \u0161koly i z\u00e1jemce z \u0159ad ve\u0159ejnosti (skupiny alespo\u0148 10 osob) na kter\u00e9 je mo\u017en\u00e9 se objedn\u00e1vat na tel: 775104441 nebo emailu: sasaprokop@seznam.cz.<\/p>\n<h3><\/h3>\n<div class=\"elementor-widget-container\">\n<h3 class=\"elementor-heading-title elementor-size-default\">Rok 2020 reaguje na aktu\u00e1ln\u00ed COVID19<\/h3>\n<h3><\/h3>\n<p>Dramaturgicky navazujeme kur\u00e1torsk\u00e1 koncepce na p\u0159edchoz\u00ed ro\u010dn\u00edky v\u00fdstavn\u00edho projektu GAMA<strong>. <\/strong>Skrze krizi COVID-19 a z n\u00ed vypl\u00fdvaj\u00edc\u00ed pot\u0159ebu p\u0159ehodnotit zaveden\u00e9 aktivity, formy, t\u00e9mata a do jist\u00e9 m\u00edry i c\u00edle v\u00fdstavn\u00edho projektu z\u00edskala lo\u0148sk\u00e1 dramaturgie &#8220;Change &amp; Transformation&#8221; mimo\u0159\u00e1dn\u011b aktu\u00e1ln\u00ed obsah a nov\u00fd v\u00fdznam. Rok 2020 je pro Kunsthalle GAMA transformativn\u00ed tak\u00e9 t\u00edm, \u017ee p\u0159ech\u00e1z\u00ed do nov\u00fdch prostor v\u010detn\u011b nov\u00e9ho technick\u00e9ho z\u00e1zem\u00ed a mo\u017enost\u00ed na FEI UPA a JHV Engineering.<\/p>\n<p>V r\u00e1mci v\u00fdstavn\u00edho projektu <strong>GAMA 2020 \/ COVID19<\/strong> jsme realizovali\u00a0<strong>autorsk\u00e9<\/strong> <strong>v\u00fdstavy:\u00a0<\/strong><\/p>\n<p><strong>Veronika Doutl\u00edkov\u00e1 &#8211; <a href=\"https:\/\/utesla.cz\/gama\/wp-content\/uploads\/2022\/02\/Doutlikova-pozvanka-2020_2021.pdf\">N\u00e1vody<\/a> \/ COVID 19<\/strong><\/p>\n<p><strong>Pavel Kop\u0159iva<\/strong> <strong>&#8211; <a href=\"https:\/\/utesla.cz\/gama\/wp-content\/uploads\/2022\/02\/P.Kopriva_2020_Desinfekce_.pdf\">Desinfekce<\/a>\u00a0<\/strong><\/p>\n<p><strong>Jan N\u00e1lepa &#8211; <a href=\"https:\/\/utesla.cz\/gama\/wp-content\/uploads\/2022\/02\/Pozv\u00e1nka_N\u00e1lepa_SickFujara.pdf\">Sick Fujara<\/a>\u00a0<\/strong><\/p>\n<p>V\u00fdstavy tradi\u010dn\u011b doprov\u00e1z\u00ed s\u00e9rie workshop\u016f a komentovan\u00fdch prohl\u00eddek pro \u0161koly i z\u00e1jemce z \u0159ad ve\u0159ejnosti (skupiny alespo\u0148 10 osob) na kter\u00e9 je mo\u017en\u00e9 se objedn\u00e1vat na tel: 775104441 nebo emailu: sasaprokop@seznam.cz.<\/p>\n<h3><\/h3>\n<h3 class=\"elementor-heading-title elementor-size-default\">Rok 2019 p\u0159in\u00e1\u0161\u00ed t\u00e9ma \u201eCHANGE &amp; TRANSFORMATION\u201c<\/h3>\n<\/div>\n<\/div>\n<div class=\"elementor-element elementor-element-fa04421 elementor-widget elementor-widget-dtbaker_inner_content\" data-id=\"fa04421\" data-element_type=\"widget\" data-widget_type=\"dtbaker_inner_content.default\">\n<div class=\"elementor-widget-container\">\n<p>\u201eCHANGE &amp; TRANSFORMATION\u201c \u00a0je stav na\u0161\u00ed doby i jej\u00ed \u201etekut\u00e1\u201c podstata.\u00a0\u00a0 Jej\u00ed um\u011bleck\u00e1 reflexe m\u016f\u017ee b\u00fdt z\u00e1rove\u0148 \u010dasto \u0161okuj\u00edc\u00ed a nebo humorn\u011b hrav\u00e1.\u00a0 Umo\u017e\u0148uje n\u00e1m vzn\u00e1\u0161et ot\u00e1zky a kriticky reflektovat prob\u00edhaj\u00edc\u00ed zm\u011bny (v) n\u00e1s a kolem n\u00e1s.<\/p>\n<p>Koncept \u201eCHANGE &amp; TRANSFORMATION\u201c si klade za c\u00edl postupn\u011b p\u0159in\u00e1\u0161et reflexi uplynul\u00e9 dek\u00e1dy v rovin\u00e1ch um\u011bleck\u00e9, sociokulturn\u00ed, politick\u00e9, technologick\u00e9\u00a0 i glob\u00e1ln\u00ed zm\u011bny a jej\u00ed odraz v prom\u011bn\u00e1ch tvorby kl\u00ed\u010dov\u00fdch autor\u016f galerie GAMA jako je J. Nepra\u0161, J.N\u00e1lepa, \u010c.Su\u0161ka, L.\u010ciha\u0159ov\u00e1, K.Gebauer, M. Cais, A.Lachman, Z. Dan\u011bk, P. Korbi\u010dka, L.Kloko\u010dkov\u00e1, P. Kop\u0159iva, F.D\u00edaz, J.Jebav\u00fd, V. Doutl\u00edkov\u00e1 aj.\u00a0 se kter\u00fdmi jsme v roce 2009 otev\u00edrali projekt GAMA v prostor\u00e1ch nov\u00e9 budovy fakulty Chemicko-technologick\u00e9 Univerzity Pardubice.<\/p>\n<p>V r\u00e1mci v\u00fdstavn\u00edho projektu <strong>GAMA 2019<\/strong> jsme ve\u0159ejnosti postupn\u011b otev\u0159eli <strong>autorsk\u00e9<\/strong> <strong>v\u00fdstavy:\u00a0<\/strong><\/p>\n<p><strong>Zd\u011b\u0148ka Da\u0148ka \u2013 <a href=\"https:\/\/utesla.cz\/gama\/wp-content\/uploads\/2020\/02\/ZD_BurianovskeAbstrakce.pdf\">Burianovsk\u00e9 Abstrakce<\/a><\/strong><\/p>\n<p><strong>Lindy \u010ciha\u0159ov\u00e9\u00a0 \u2013 <a href=\"https:\/\/utesla.cz\/gama\/wp-content\/uploads\/2020\/02\/LC_OsidlenaAbstrakce.pdf\">Os\u00eddlen\u00e1 abstrakce<\/a>\u00a0<\/strong><\/p>\n<p><strong>Adolfa Lachman \u2013<a href=\"https:\/\/utesla.cz\/gama\/wp-content\/uploads\/2020\/02\/AL_ParobotSamorost.pdf\"> Parobot a Samorost\u00a0<\/a><\/strong><\/p>\n<p><strong>a soubornou v\u00fdstavu<\/strong> <a href=\"https:\/\/utesla.cz\/gama\/wp-content\/uploads\/2020\/02\/CHT_pozvanka2019.pdf\"><strong>Change &amp; Transformation 10+<\/strong><\/a>, kter\u00e1 p\u0159in\u00e1\u0161ej\u00edc\u00edv\u00fdb\u011br um\u011blc\u016f z v\u00edce ne\u017e desetilet\u00e9ho portfolia Kunsthalle GAMA.<\/p>\n<p>V\u00fdstavy profesion\u00e1ln\u00edch um\u011blc\u016f obohacuje tv\u016fr\u010d\u00ed spolupr\u00e1ce s v\u011bdci s p\u0159esahem mezi v\u011bdou a um\u011bm\u00edm. V roce 2019 jsme ke spolupr\u00e1ci p\u0159izvali p\u0159edn\u00edho <strong>polsk\u00e9ho astrofyzika a z\u00e1rove\u0148 um\u011blce Macieje Zapiora<\/strong> z Astronomick\u00e9ho \u00dastavu AV \u010cR, kter\u00fd pracuje s novou fotografickou technikou na pomez\u00ed v\u011bdy a um\u011bn\u00ed <strong>\u2013 <a href=\"https:\/\/utesla.cz\/gama\/wp-content\/uploads\/2020\/02\/MZ_Solarografie.pdf\">Solarografie<\/a><\/strong>, je\u017e tak\u00e9 p\u0159edstavil v r\u00e1mci stejnojmenn\u00e9 v\u00fdstavy a doprovodn\u00fdch workshop\u016f.<\/p>\n<p>V\u00fdstavy tradi\u010dn\u011b doprov\u00e1z\u00ed s\u00e9rie workshop\u016f a kometonvan\u00fdch prohl\u00eddek pro \u0161koly i z\u00e1jemce z \u0159ad ve\u0159ejnosti (skupiny alespo\u0148 10 osob) na kter\u00e9 je mo\u017en\u00e9 se objedn\u00e1vat na tel: 775104441 nebo emailu: sasaprokop@seznam.cz.<\/p>\n<\/div>\n<\/div>\n","protected":false},"excerpt":{"rendered":"<p>V roce 2022 pokra\u010dujeme v t\u00e9matu &#8220;VLNA ZA VLNOU&#8221; Vln\u011bn\u00ed je mnohovrstevnat\u00fdm metaforick\u00fdm odkazem i kl\u00ed\u010dem k porozum\u011bn\u00ed jednotliv\u00fdm fenom\u00e9n\u016fm, kter\u00e9 formuj\u00ed na\u0161i aktu\u00e1ln\u00ed realitu jej\u00ed\u017e kritickou reflexi v rovin\u00e1ch um\u011bn\u00ed, v\u011bdy a techniky i spole\u010dnosti . Vln\u011bn\u00ed ch\u00e1peme filosoficky jako st\u0159\u00edd\u00e1n\u00ed r\u016fzn\u00fdch n\u00e1zorov\u00fdch rovin p\u0159i spojov\u00e1n\u00ed techniky a um\u011bn\u00ed. Vln\u011bn\u00ed ch\u00e1peme sociologicky jako st\u0159\u00edd\u00e1n\u00ed [&hellip;]<\/p>\n","protected":false},"author":1,"featured_media":0,"parent":0,"menu_order":0,"comment_status":"closed","ping_status":"closed","template":"","meta":{"site-sidebar-layout":"default","site-content-layout":"","ast-site-content-layout":"","site-content-style":"default","site-sidebar-style":"default","ast-global-header-display":"","ast-banner-title-visibility":"","ast-main-header-display":"","ast-hfb-above-header-display":"","ast-hfb-below-header-display":"","ast-hfb-mobile-header-display":"","site-post-title":"","ast-breadcrumbs-content":"","ast-featured-img":"","footer-sml-layout":"","theme-transparent-header-meta":"","adv-header-id-meta":"","stick-header-meta":"","header-above-stick-meta":"","header-main-stick-meta":"","header-below-stick-meta":"","astra-migrate-meta-layouts":"default","ast-page-background-enabled":"default","ast-page-background-meta":{"desktop":{"background-color":"var(--ast-global-color-4)","background-image":"","background-repeat":"repeat","background-position":"center center","background-size":"auto","background-attachment":"scroll","background-type":"","background-media":"","overlay-type":"","overlay-color":"","overlay-opacity":"","overlay-gradient":""},"tablet":{"background-color":"","background-image":"","background-repeat":"repeat","background-position":"center center","background-size":"auto","background-attachment":"scroll","background-type":"","background-media":"","overlay-type":"","overlay-color":"","overlay-opacity":"","overlay-gradient":""},"mobile":{"background-color":"","background-image":"","background-repeat":"repeat","background-position":"center center","background-size":"auto","background-attachment":"scroll","background-type":"","background-media":"","overlay-type":"","overlay-color":"","overlay-opacity":"","overlay-gradient":""}},"ast-content-background-meta":{"desktop":{"background-color":"var(--ast-global-color-5)","background-image":"","background-repeat":"repeat","background-position":"center center","background-size":"auto","background-attachment":"scroll","background-type":"","background-media":"","overlay-type":"","overlay-color":"","overlay-opacity":"","overlay-gradient":""},"tablet":{"background-color":"var(--ast-global-color-5)","background-image":"","background-repeat":"repeat","background-position":"center center","background-size":"auto","background-attachment":"scroll","background-type":"","background-media":"","overlay-type":"","overlay-color":"","overlay-opacity":"","overlay-gradient":""},"mobile":{"background-color":"var(--ast-global-color-5)","background-image":"","background-repeat":"repeat","background-position":"center center","background-size":"auto","background-attachment":"scroll","background-type":"","background-media":"","overlay-type":"","overlay-color":"","overlay-opacity":"","overlay-gradient":""}},"footnotes":""},"class_list":["post-131","page","type-page","status-publish","hentry"],"_links":{"self":[{"href":"https:\/\/utesla.cz\/gama\/index.php?rest_route=\/wp\/v2\/pages\/131","targetHints":{"allow":["GET"]}}],"collection":[{"href":"https:\/\/utesla.cz\/gama\/index.php?rest_route=\/wp\/v2\/pages"}],"about":[{"href":"https:\/\/utesla.cz\/gama\/index.php?rest_route=\/wp\/v2\/types\/page"}],"author":[{"embeddable":true,"href":"https:\/\/utesla.cz\/gama\/index.php?rest_route=\/wp\/v2\/users\/1"}],"replies":[{"embeddable":true,"href":"https:\/\/utesla.cz\/gama\/index.php?rest_route=%2Fwp%2Fv2%2Fcomments&post=131"}],"version-history":[{"count":21,"href":"https:\/\/utesla.cz\/gama\/index.php?rest_route=\/wp\/v2\/pages\/131\/revisions"}],"predecessor-version":[{"id":3648,"href":"https:\/\/utesla.cz\/gama\/index.php?rest_route=\/wp\/v2\/pages\/131\/revisions\/3648"}],"wp:attachment":[{"href":"https:\/\/utesla.cz\/gama\/index.php?rest_route=%2Fwp%2Fv2%2Fmedia&parent=131"}],"curies":[{"name":"wp","href":"https:\/\/api.w.org\/{rel}","templated":true}]}}